{"id":1108,"date":"2024-12-21T12:21:27","date_gmt":"2024-12-21T12:21:27","guid":{"rendered":"https:\/\/paroisse-de-wissous.fr\/wordpress\/?page_id=1108"},"modified":"2026-04-18T18:45:11","modified_gmt":"2026-04-18T18:45:11","slug":"chants-et-musique","status":"publish","type":"page","link":"https:\/\/paroisse-de-wissous.fr\/wordpress\/index.php\/chants-et-musique\/","title":{"rendered":"Chants et Musique"},"content":{"rendered":"<p>[et_pb_section fb_built=\u00a0\u00bb1&Prime; custom_padding_last_edited=\u00a0\u00bbon|tablet\u00a0\u00bb admin_label=\u00a0\u00bbHero\u00a0\u00bb _builder_version=\u00a0\u00bb4.16&Prime; use_background_color_gradient=\u00a0\u00bbon\u00a0\u00bb background_color_gradient_direction=\u00a0\u00bb90deg\u00a0\u00bb background_color_gradient_stops=\u00a0\u00bb#F0EDEE 65%|#F9F6F5 65%\u00a0\u00bb background_color_gradient_start=\u00a0\u00bb#F0EDEE\u00a0\u00bb background_color_gradient_start_position=\u00a0\u00bb65%\u00a0\u00bb background_color_gradient_end=\u00a0\u00bb#F9F6F5&Prime; background_color_gradient_end_position=\u00a0\u00bb0%\u00a0\u00bb custom_margin=\u00a0\u00bb|||\u00a0\u00bb custom_padding=\u00a0\u00bb6vw|0px|0px|0px|false|false\u00a0\u00bb custom_padding_tablet=\u00a0\u00bb0vw|||\u00a0\u00bb custom_padding_phone=\u00a0\u00bb\u00a0\u00bb global_colors_info=\u00a0\u00bb{}\u00a0\u00bb][et_pb_row column_structure=\u00a0\u00bb1_2,1_2&Prime; make_equal=\u00a0\u00bbon\u00a0\u00bb disabled_on=\u00a0\u00bboff|off|off\u00a0\u00bb _builder_version=\u00a0\u00bb4.23&Prime; background_image=\u00a0\u00bbhttps:\/\/paroisse-de-wissous.fr\/wordpress\/wp-content\/uploads\/2023\/11\/AdobeStock_184446463-scaled-1.jpeg\u00a0\u00bb background_blend=\u00a0\u00bblighten\u00a0\u00bb width=\u00a0\u00bb100%\u00a0\u00bb max_width=\u00a0\u00bb100%\u00a0\u00bb custom_padding=\u00a0\u00bb0px|0px|0px|0px|true|true\u00a0\u00bb use_custom_width=\u00a0\u00bbon\u00a0\u00bb width_unit=\u00a0\u00bboff\u00a0\u00bb custom_width_percent=\u00a0\u00bb100%\u00a0\u00bb global_colors_info=\u00a0\u00bb{}\u00a0\u00bb][et_pb_column type=\u00a0\u00bb1_2&Prime; _builder_version=\u00a0\u00bb4.23&Prime; background_enable_image=\u00a0\u00bboff\u00a0\u00bb custom_padding=\u00a0\u00bb|||\u00a0\u00bb global_colors_info=\u00a0\u00bb{}\u00a0\u00bb custom_padding__hover=\u00a0\u00bb|||\u00a0\u00bb][et_pb_divider show_divider=\u00a0\u00bboff\u00a0\u00bb _builder_version=\u00a0\u00bb4.16&Prime; height=\u00a0\u00bb20vw\u00a0\u00bb global_colors_info=\u00a0\u00bb{}\u00a0\u00bb][\/et_pb_divider][et_pb_text _builder_version=\u00a0\u00bb4.23&Prime; _module_preset=\u00a0\u00bbdefault\u00a0\u00bb text_font=\u00a0\u00bbCalligraffitti|700|||||||\u00a0\u00bb text_text_color=\u00a0\u00bb#FFFFFF\u00a0\u00bb text_font_size=\u00a0\u00bb25px\u00a0\u00bb text_line_height=\u00a0\u00bb1.8em\u00a0\u00bb custom_margin=\u00a0\u00bb94px|66px||37px|false|false\u00a0\u00bb global_colors_info=\u00a0\u00bb{}\u00a0\u00bb]<\/p>\n<p>\u00ab Nos chants n\u2019ajoutent rien \u00e0 ce que tu es, mais ils nous rapprochent de toi \u00bb dit la 4e pr\u00e9face pour le Temps Ordinaire.<\/p>\n<p>[\/et_pb_text][\/et_pb_column][et_pb_column type=\u00a0\u00bb1_2&Prime; _builder_version=\u00a0\u00bb4.16&Prime; custom_padding=\u00a0\u00bb10vw||10vw|\u00a0\u00bb custom_padding_tablet=\u00a0\u00bb|10%||10%||true\u00a0\u00bb custom_padding_phone=\u00a0\u00bb|10%||10%||true\u00a0\u00bb custom_padding_last_edited=\u00a0\u00bbon|tablet\u00a0\u00bb global_colors_info=\u00a0\u00bb{}\u00a0\u00bb padding_tablet=\u00a0\u00bb|10%||10%||true\u00a0\u00bb padding_last_edited=\u00a0\u00bbon|tablet\u00a0\u00bb custom_padding__hover=\u00a0\u00bb|||\u00a0\u00bb padding_phone=\u00a0\u00bb|10%||10%||true\u00a0\u00bb][et_pb_text _builder_version=\u00a0\u00bb4.23&Prime; text_font=\u00a0\u00bb||||||||\u00a0\u00bb text_font_size=\u00a0\u00bb16px\u00a0\u00bb text_line_height=\u00a0\u00bb2em\u00a0\u00bb header_font=\u00a0\u00bbOswald|500||on|||||\u00a0\u00bb header_text_align=\u00a0\u00bbleft\u00a0\u00bb header_text_color=\u00a0\u00bb#FFFFFF\u00a0\u00bb header_font_size=\u00a0\u00bb6vw\u00a0\u00bb header_letter_spacing=\u00a0\u00bb0.05em\u00a0\u00bb header_line_height=\u00a0\u00bb1.2em\u00a0\u00bb header_5_font=\u00a0\u00bbRoboto|700||on|||||\u00a0\u00bb header_5_text_color=\u00a0\u00bb#898ea2&Prime; header_5_font_size=\u00a0\u00bb26px\u00a0\u00bb header_5_letter_spacing=\u00a0\u00bb10px\u00a0\u00bb header_5_line_height=\u00a0\u00bb1.4em\u00a0\u00bb header_6_font=\u00a0\u00bbRoboto|700||on|||||\u00a0\u00bb header_6_text_color=\u00a0\u00bb#d39b86&Prime; header_6_font_size=\u00a0\u00bb16px\u00a0\u00bb header_6_letter_spacing=\u00a0\u00bb5px\u00a0\u00bb header_6_line_height=\u00a0\u00bb1.5em\u00a0\u00bb text_orientation=\u00a0\u00bbright\u00a0\u00bb custom_margin=\u00a0\u00bb0px|10vw|40vw|-35vw|false|false\u00a0\u00bb custom_margin_tablet=\u00a0\u00bb|0%||0%||true\u00a0\u00bb custom_margin_phone=\u00a0\u00bb|||\u00a0\u00bb custom_margin_last_edited=\u00a0\u00bbon|tablet\u00a0\u00bb custom_padding=\u00a0\u00bb|||\u00a0\u00bb custom_padding_last_edited=\u00a0\u00bboff|desktop\u00a0\u00bb animation_style=\u00a0\u00bbslide\u00a0\u00bb animation_direction=\u00a0\u00bbleft\u00a0\u00bb animation_intensity_slide=\u00a0\u00bb2%\u00a0\u00bb header_font_size_tablet=\u00a0\u00bb70px\u00a0\u00bb header_font_size_phone=\u00a0\u00bb40px\u00a0\u00bb header_font_size_last_edited=\u00a0\u00bbon|desktop\u00a0\u00bb header_line_height_tablet=\u00a0\u00bb\u00a0\u00bb header_line_height_phone=\u00a0\u00bb1.5em\u00a0\u00bb header_line_height_last_edited=\u00a0\u00bbon|phone\u00a0\u00bb header_5_font_size_tablet=\u00a0\u00bb\u00a0\u00bb header_5_font_size_phone=\u00a0\u00bb18px\u00a0\u00bb header_5_font_size_last_edited=\u00a0\u00bbon|phone\u00a0\u00bb locked=\u00a0\u00bboff\u00a0\u00bb global_colors_info=\u00a0\u00bb{}\u00a0\u00bb]<\/p>\n<h5><\/h5>\n<h1>Chants et musique<\/h1>\n<h6><\/h6>\n<p>[\/et_pb_text][\/et_pb_column][\/et_pb_row][\/et_pb_section][et_pb_section fb_built=\u00a0\u00bb1&Prime; admin_label=\u00a0\u00bbAbout\u00a0\u00bb _builder_version=\u00a0\u00bb4.16&Prime; background_image=\u00a0\u00bbhttps:\/\/paroisse-de-wissous.fr\/wordpress\/wp-content\/uploads\/2023\/11\/divider.png\u00a0\u00bb background_size=\u00a0\u00bbinitial\u00a0\u00bb background_position=\u00a0\u00bbtop_left\u00a0\u00bb background_repeat=\u00a0\u00bbrepeat\u00a0\u00bb custom_padding=\u00a0\u00bb0|0px|54px|0px|false|false\u00a0\u00bb global_colors_info=\u00a0\u00bb{}\u00a0\u00bb][et_pb_row column_structure=\u00a0\u00bb1_2,1_2&Prime; use_custom_gutter=\u00a0\u00bbon\u00a0\u00bb make_equal=\u00a0\u00bbon\u00a0\u00bb _builder_version=\u00a0\u00bb4.16&Prime; width=\u00a0\u00bb100%\u00a0\u00bb max_width=\u00a0\u00bb100%\u00a0\u00bb custom_padding=\u00a0\u00bb0|0px||0px|false|false\u00a0\u00bb use_custom_width=\u00a0\u00bbon\u00a0\u00bb width_unit=\u00a0\u00bboff\u00a0\u00bb custom_width_percent=\u00a0\u00bb100%\u00a0\u00bb global_colors_info=\u00a0\u00bb{}\u00a0\u00bb][et_pb_column type=\u00a0\u00bb1_2&Prime; _builder_version=\u00a0\u00bb4.16&Prime; custom_padding=\u00a0\u00bb60px|||12%\u00a0\u00bb custom_padding_tablet=\u00a0\u00bb|10%||10%||true\u00a0\u00bb custom_padding_phone=\u00a0\u00bb|||\u00a0\u00bb custom_padding_last_edited=\u00a0\u00bbon|desktop\u00a0\u00bb global_colors_info=\u00a0\u00bb{}\u00a0\u00bb padding_phone=\u00a0\u00bb|||\u00a0\u00bb padding_tablet=\u00a0\u00bb|10%||10%||true\u00a0\u00bb padding_last_edited=\u00a0\u00bbon|desktop\u00a0\u00bb custom_padding__hover=\u00a0\u00bb|||\u00a0\u00bb][et_pb_text _builder_version=\u00a0\u00bb4.23&Prime; text_font=\u00a0\u00bb||||||||\u00a0\u00bb text_font_size=\u00a0\u00bb16px\u00a0\u00bb text_line_height=\u00a0\u00bb2em\u00a0\u00bb header_font=\u00a0\u00bb||||||||\u00a0\u00bb header_2_font=\u00a0\u00bbOswald|||on|||||\u00a0\u00bb header_2_line_height=\u00a0\u00bb1.5em\u00a0\u00bb header_4_font=\u00a0\u00bbOswald|||on|||||\u00a0\u00bb header_4_font_size=\u00a0\u00bb30px\u00a0\u00bb header_4_line_height=\u00a0\u00bb1.5em\u00a0\u00bb max_width=\u00a0\u00bb600px\u00a0\u00bb module_alignment=\u00a0\u00bbright\u00a0\u00bb custom_margin=\u00a0\u00bb|||\u00a0\u00bb global_colors_info=\u00a0\u00bb{}\u00a0\u00bb]<\/p>\n<h2>\u201cChanter, c\u2019est prier deux fois\u201d Saint Augustin<\/h2>\n<p>Le <strong>chant liturgique<\/strong> joue un r\u00f4le capital dans la c\u00e9l\u00e9bration des diff\u00e9rentes liturgies (messe, eucharistie, c\u00e9l\u00e9bration des sacrements et \u00e9tapes de la vie). Il a connu bien des formes, selon les cultures et les \u00e9poques, qui se sont succ\u00e9d\u00e9es. Le chant liturgique unit les <strong>voix<\/strong>, les <strong>c\u0153urs<\/strong> et les <strong>esprits<\/strong> des personnes qui constituent l\u2019assembl\u00e9e. Il nourrit la pri\u00e8re et l\u2019intelligence de la foi. Ils laissent \u00e9clater la louange ou exprime un \u00e9lan d\u2019adoration.<\/p>\n<p>Si la musique d\u2019un chant est importante, c\u2019est surtout la profondeur des textes qui doit pouvoir rejoindre le c\u0153ur de chacun. Le chant liturgique fa\u00e7onne notre foi et m\u00eame toute notre vie.<\/p>\n<p>Les <strong>instruments<\/strong> accompagnent et soutiennent le chant. Ils participent \u00e0 la coh\u00e9sion de l\u2019assembl\u00e9e, \u00e0 sa communion. Ils encouragent la participation de tous et favorisent les moments de recueillement. Les organistes et les instrumentistes se font rares. C\u2019est un privil\u00e8ge lorsqu\u2019il y en a dans une paroisse, et nous avons cette chance. Ils sont un soutien pr\u00e9cieux pour <strong>l\u2019animateur de chant<\/strong> qui aide les fid\u00e8les \u00e0 mieux chanter ensemble.<\/p>\n<p>[\/et_pb_text][\/et_pb_column][et_pb_column type=\u00a0\u00bb1_2&Prime; _builder_version=\u00a0\u00bb4.16&Prime; custom_padding=\u00a0\u00bb|||\u00a0\u00bb global_colors_info=\u00a0\u00bb{}\u00a0\u00bb custom_padding__hover=\u00a0\u00bb|||\u00a0\u00bb][et_pb_image src=\u00a0\u00bbhttps:\/\/paroisse-de-wissous.fr\/wordpress\/wp-content\/uploads\/2023\/11\/chant.png\u00a0\u00bb title_text=\u00a0\u00bbchant\u00a0\u00bb align_tablet=\u00a0\u00bbcenter\u00a0\u00bb align_phone=\u00a0\u00bbcenter\u00a0\u00bb align_last_edited=\u00a0\u00bbon|desktop\u00a0\u00bb _builder_version=\u00a0\u00bb4.23&Prime; custom_margin=\u00a0\u00bb-10vw|||\u00a0\u00bb custom_margin_tablet=\u00a0\u00bb0px|||\u00a0\u00bb custom_margin_phone=\u00a0\u00bb\u00a0\u00bb custom_margin_last_edited=\u00a0\u00bbon|phone\u00a0\u00bb animation_style=\u00a0\u00bbfade\u00a0\u00bb border_width_all=\u00a0\u00bb30px\u00a0\u00bb border_color_all=\u00a0\u00bb#ffffff\u00a0\u00bb global_colors_info=\u00a0\u00bb{}\u00a0\u00bb][\/et_pb_image][\/et_pb_column][\/et_pb_row][et_pb_row column_structure=\u00a0\u00bb1_2,1_2&Prime; use_custom_gutter=\u00a0\u00bbon\u00a0\u00bb make_equal=\u00a0\u00bbon\u00a0\u00bb _builder_version=\u00a0\u00bb4.23&Prime; background_color=\u00a0\u00bb#88C4DD\u00a0\u00bb width=\u00a0\u00bb100%\u00a0\u00bb max_width=\u00a0\u00bb100%\u00a0\u00bb custom_padding=\u00a0\u00bb0|0px||0px|false|false\u00a0\u00bb use_custom_width=\u00a0\u00bbon\u00a0\u00bb width_unit=\u00a0\u00bboff\u00a0\u00bb custom_width_percent=\u00a0\u00bb100%\u00a0\u00bb global_colors_info=\u00a0\u00bb{}\u00a0\u00bb][et_pb_column type=\u00a0\u00bb1_2&Prime; _builder_version=\u00a0\u00bb4.16&Prime; custom_padding=\u00a0\u00bb60px|||12%\u00a0\u00bb custom_padding_tablet=\u00a0\u00bb|10%||10%||true\u00a0\u00bb custom_padding_phone=\u00a0\u00bb|||\u00a0\u00bb custom_padding_last_edited=\u00a0\u00bbon|desktop\u00a0\u00bb global_colors_info=\u00a0\u00bb{}\u00a0\u00bb padding_phone=\u00a0\u00bb|||\u00a0\u00bb padding_tablet=\u00a0\u00bb|10%||10%||true\u00a0\u00bb padding_last_edited=\u00a0\u00bbon|desktop\u00a0\u00bb custom_padding__hover=\u00a0\u00bb|||\u00a0\u00bb][et_pb_text _builder_version=\u00a0\u00bb4.23&Prime; text_font=\u00a0\u00bb||||||||\u00a0\u00bb text_font_size=\u00a0\u00bb16px\u00a0\u00bb text_line_height=\u00a0\u00bb2em\u00a0\u00bb header_font=\u00a0\u00bb||||||||\u00a0\u00bb header_2_font=\u00a0\u00bbOswald|||on|||||\u00a0\u00bb header_2_line_height=\u00a0\u00bb1.5em\u00a0\u00bb header_4_font=\u00a0\u00bbOswald|||on|||||\u00a0\u00bb header_4_font_size=\u00a0\u00bb30px\u00a0\u00bb header_4_line_height=\u00a0\u00bb1.5em\u00a0\u00bb max_width=\u00a0\u00bb600px\u00a0\u00bb module_alignment=\u00a0\u00bbright\u00a0\u00bb custom_margin=\u00a0\u00bb|||\u00a0\u00bb global_colors_info=\u00a0\u00bb{}\u00a0\u00bb]<\/p>\n<h2>Pourquoi des chants nouveaux ?<\/h2>\n<p>Le r\u00e9pertoire de chants et de gestes ne cesse de s\u2019accro\u00eetre. La liturgie \u00e9volue. Dans<strong> l\u2019\u00c9glise<\/strong>, ces \u00e9volutions sont le plus souvent le fait des <strong>conciles<\/strong> (concile de Trente, concile Vatican II). Elles visent \u00e0 adapter le rite \u00e0 la sensibilit\u00e9 contemporaine. Car dans la liturgie, on voit, on entend, on sent, on \u00e9prouve m\u00eame par le corps (les gestes du pr\u00eatre et des fid\u00e8les). Or ce ressenti peut nous parler \u00e0 une \u00e9poque et ne plus nous parler \u00e0 une autre. Mais en m\u00eame temps, on s\u2019efforce de s\u2019inscrire dans une tradition. Ce qui change n\u2019est pas ce qui est signifi\u00e9, mais la fa\u00e7on dont cela est signifi\u00e9. C\u2019est pourquoi m\u00eame une liturgie contemporaine conserve des<strong> rites tr\u00e8s anciens.<\/strong><br \/><em>(Albert Rouet, \u00e9v\u00eaque \u2013 1988)<\/em><\/p>\n<p>[\/et_pb_text][\/et_pb_column][et_pb_column type=\u00a0\u00bb1_2&Prime; _builder_version=\u00a0\u00bb4.16&Prime; custom_padding=\u00a0\u00bb|||\u00a0\u00bb global_colors_info=\u00a0\u00bb{}\u00a0\u00bb custom_padding__hover=\u00a0\u00bb|||\u00a0\u00bb][et_pb_image src=\u00a0\u00bbhttps:\/\/paroisse-de-wissous.fr\/wordpress\/wp-content\/uploads\/2023\/11\/flute.png\u00a0\u00bb title_text=\u00a0\u00bbflute\u00a0\u00bb align_tablet=\u00a0\u00bbcenter\u00a0\u00bb align_phone=\u00a0\u00bbcenter\u00a0\u00bb align_last_edited=\u00a0\u00bbon|desktop\u00a0\u00bb _builder_version=\u00a0\u00bb4.23&Prime; custom_margin=\u00a0\u00bb-10vw|||\u00a0\u00bb custom_margin_tablet=\u00a0\u00bb0px|||\u00a0\u00bb custom_margin_phone=\u00a0\u00bb\u00a0\u00bb custom_margin_last_edited=\u00a0\u00bbon|phone\u00a0\u00bb animation_style=\u00a0\u00bbfade\u00a0\u00bb border_width_all=\u00a0\u00bb30px\u00a0\u00bb border_color_all=\u00a0\u00bb#ffffff\u00a0\u00bb global_colors_info=\u00a0\u00bb{}\u00a0\u00bb][\/et_pb_image][\/et_pb_column][\/et_pb_row][\/et_pb_section][et_pb_section fb_built=\u00a0\u00bb1&Prime; admin_label=\u00a0\u00bbPricing\u00a0\u00bb _builder_version=\u00a0\u00bb4.23&Prime; background_color=\u00a0\u00bb#FFFFFF\u00a0\u00bb background_size=\u00a0\u00bbinitial\u00a0\u00bb background_position=\u00a0\u00bbtop_left\u00a0\u00bb background_repeat=\u00a0\u00bbrepeat\u00a0\u00bb custom_padding=\u00a0\u00bb54px|0px|54px|0px|false|false\u00a0\u00bb locked=\u00a0\u00bboff\u00a0\u00bb global_colors_info=\u00a0\u00bb{}\u00a0\u00bb][et_pb_row _builder_version=\u00a0\u00bb4.23&Prime; width=\u00a0\u00bb90%\u00a0\u00bb max_width=\u00a0\u00bb2480px\u00a0\u00bb custom_padding=\u00a0\u00bb|||\u00a0\u00bb border_width_all=\u00a0\u00bb2px\u00a0\u00bb global_colors_info=\u00a0\u00bb{}\u00a0\u00bb][et_pb_column type=\u00a0\u00bb4_4&Prime; _builder_version=\u00a0\u00bb4.16&Prime; custom_padding=\u00a0\u00bb|||\u00a0\u00bb global_colors_info=\u00a0\u00bb{}\u00a0\u00bb custom_padding__hover=\u00a0\u00bb|||\u00a0\u00bb][et_pb_text _builder_version=\u00a0\u00bb4.23&Prime; _module_preset=\u00a0\u00bbdefault\u00a0\u00bb custom_margin=\u00a0\u00bb|6px||4px|false|false\u00a0\u00bb global_colors_info=\u00a0\u00bb{}\u00a0\u00bb]<\/p>\n<p>La derni\u00e8re r\u00e9forme issue du Concile Vatican II (1962-1965) a voulu redonner une place importante \u00e0 la Parole de Dieu dans toute c\u00e9l\u00e9bration, favoriser la participation de l\u2019assembl\u00e9e, se rapprocher des sources liturgiques des premiers si\u00e8cles et permettre \u00e0 chacun de c\u00e9l\u00e9brer dans sa langue.<\/p>\n<p>[\/et_pb_text][\/et_pb_column][\/et_pb_row][et_pb_row _builder_version=\u00a0\u00bb4.23&Prime; _module_preset=\u00a0\u00bbdefault\u00a0\u00bb global_colors_info=\u00a0\u00bb{}\u00a0\u00bb][et_pb_column type=\u00a0\u00bb4_4&Prime; _builder_version=\u00a0\u00bb4.23&Prime; _module_preset=\u00a0\u00bbdefault\u00a0\u00bb global_colors_info=\u00a0\u00bb{}\u00a0\u00bb][dipl_separator line_type=\u00a0\u00bbdouble\u00a0\u00bb _builder_version=\u00a0\u00bb4.23&Prime; _module_preset=\u00a0\u00bbdefault\u00a0\u00bb global_colors_info=\u00a0\u00bb{}\u00a0\u00bb][\/dipl_separator][\/et_pb_column][\/et_pb_row][et_pb_row column_structure=\u00a0\u00bb2_5,3_5&Prime; _builder_version=\u00a0\u00bb4.23&Prime; _module_preset=\u00a0\u00bbdefault\u00a0\u00bb global_colors_info=\u00a0\u00bb{}\u00a0\u00bb][et_pb_column type=\u00a0\u00bb2_5&Prime; _builder_version=\u00a0\u00bb4.23&Prime; _module_preset=\u00a0\u00bbdefault\u00a0\u00bb global_colors_info=\u00a0\u00bb{}\u00a0\u00bb][et_pb_text _builder_version=\u00a0\u00bb4.23&Prime; _module_preset=\u00a0\u00bbdefault\u00a0\u00bb global_colors_info=\u00a0\u00bb{}\u00a0\u00bb]<\/p>\n<h2>Combien de liturgies ?<\/h2>\n<p>La <strong>messe<\/strong> est la plus connue des liturgies. Mais il y en a beaucoup d\u2019autres. Chaque sacrement, du bapt\u00eame au sacrement des malades, est v\u00e9cu de fa\u00e7on<br \/>liturgique.<\/p>\n<p><strong>Le chant accompagne chaque rite de la messe.<\/strong><\/p>\n<p>[\/et_pb_text][\/et_pb_column][et_pb_column type=\u00a0\u00bb3_5&Prime; _builder_version=\u00a0\u00bb4.23&Prime; _module_preset=\u00a0\u00bbdefault\u00a0\u00bb global_colors_info=\u00a0\u00bb{}\u00a0\u00bb][et_pb_image src=\u00a0\u00bbhttps:\/\/paroisse-de-wissous.fr\/wordpress\/wp-content\/uploads\/2023\/11\/chant2.png\u00a0\u00bb title_text=\u00a0\u00bbchant2&Prime; _builder_version=\u00a0\u00bb4.23&Prime; _module_preset=\u00a0\u00bbdefault\u00a0\u00bb global_colors_info=\u00a0\u00bb{}\u00a0\u00bb][\/et_pb_image][\/et_pb_column][\/et_pb_row][et_pb_row _builder_version=\u00a0\u00bb4.23&Prime; _module_preset=\u00a0\u00bbdefault\u00a0\u00bb global_colors_info=\u00a0\u00bb{}\u00a0\u00bb][et_pb_column type=\u00a0\u00bb4_4&Prime; _builder_version=\u00a0\u00bb4.23&Prime; _module_preset=\u00a0\u00bbdefault\u00a0\u00bb global_colors_info=\u00a0\u00bb{}\u00a0\u00bb][et_pb_image src=\u00a0\u00bbhttps:\/\/paroisse-de-wissous.fr\/wordpress\/wp-content\/uploads\/2023\/11\/AdobeStock_664532870-scaled.jpeg\u00a0\u00bb title_text=\u00a0\u00bbChoir Singing Hymns during an Epiphany Church Service, Epiphany, The adoration of baby Jesus, with copy space, blurred background\u00a0\u00bb _builder_version=\u00a0\u00bb4.23&Prime; _module_preset=\u00a0\u00bbdefault\u00a0\u00bb global_colors_info=\u00a0\u00bb{}\u00a0\u00bb][\/et_pb_image][et_pb_text _builder_version=\u00a0\u00bb4.23&Prime; _module_preset=\u00a0\u00bbdefault\u00a0\u00bb global_colors_info=\u00a0\u00bb{}\u00a0\u00bb]<\/p>\n<h2>\u00a0<em>\u00ab\u00a0Si tu veux savoir\u00a0ce que\u00a0nous croyons, viens voir ce que nous chantons\u00a0\u00bb\u00a0<\/em><\/h2>\n<p class=\"p1\" style=\"text-align: right;\"><span class=\"s1\"> Saint Augustin<\/span><\/p>\n<p>[\/et_pb_text][\/et_pb_column][\/et_pb_row][\/et_pb_section][et_pb_section fb_built=\u00a0\u00bb1&Prime; admin_label=\u00a0\u00bbtestimonials\u00a0\u00bb _builder_version=\u00a0\u00bb4.16&Prime; background_color=\u00a0\u00bb#f9f6f5&Prime; background_image=\u00a0\u00bbhttps:\/\/paroisse-de-wissous.fr\/wordpress\/wp-content\/uploads\/2023\/11\/divider.png\u00a0\u00bb background_size=\u00a0\u00bbinitial\u00a0\u00bb background_position=\u00a0\u00bbtop_right\u00a0\u00bb background_repeat=\u00a0\u00bbrepeat\u00a0\u00bb custom_padding=\u00a0\u00bb|||\u00a0\u00bb global_colors_info=\u00a0\u00bb{}\u00a0\u00bb][et_pb_row _builder_version=\u00a0\u00bb4.16&Prime; custom_padding=\u00a0\u00bb|||\u00a0\u00bb global_colors_info=\u00a0\u00bb{}\u00a0\u00bb][et_pb_column type=\u00a0\u00bb4_4&Prime; _builder_version=\u00a0\u00bb4.16&Prime; custom_padding=\u00a0\u00bb|||\u00a0\u00bb global_colors_info=\u00a0\u00bb{}\u00a0\u00bb custom_padding__hover=\u00a0\u00bb|||\u00a0\u00bb][et_pb_text _builder_version=\u00a0\u00bb4.23&Prime; text_font=\u00a0\u00bb||||||||\u00a0\u00bb text_font_size=\u00a0\u00bb11px\u00a0\u00bb header_font=\u00a0\u00bb||||||||\u00a0\u00bb header_2_font=\u00a0\u00bbOswald|500||on|||||\u00a0\u00bb header_2_font_size=\u00a0\u00bb60px\u00a0\u00bb header_2_letter_spacing=\u00a0\u00bb2px\u00a0\u00bb header_2_line_height=\u00a0\u00bb1.5em\u00a0\u00bb text_orientation=\u00a0\u00bbcenter\u00a0\u00bb max_width=\u00a0\u00bb800px\u00a0\u00bb module_alignment=\u00a0\u00bbcenter\u00a0\u00bb header_2_font_size_tablet=\u00a0\u00bb60px\u00a0\u00bb header_2_font_size_phone=\u00a0\u00bb30px\u00a0\u00bb header_2_font_size_last_edited=\u00a0\u00bbon|phone\u00a0\u00bb global_colors_info=\u00a0\u00bb{}\u00a0\u00bb]<\/p>\n<h4><em>Chaque temps liturgique, chaque rite de la messe, chaque sacrement poss\u00e8de son r\u00e9pertoire propre.<\/em><br \/><em>Voici quelques chants que nous aimons chanter :<\/em><\/h4>\n<p>[\/et_pb_text][\/et_pb_column][\/et_pb_row][et_pb_row column_structure=\u00a0\u00bb1_3,1_3,1_3&Prime; _builder_version=\u00a0\u00bb4.23&Prime; _module_preset=\u00a0\u00bbdefault\u00a0\u00bb global_colors_info=\u00a0\u00bb{}\u00a0\u00bb][et_pb_column type=\u00a0\u00bb1_3&Prime; _builder_version=\u00a0\u00bb4.23&Prime; _module_preset=\u00a0\u00bbdefault\u00a0\u00bb global_colors_info=\u00a0\u00bb{}\u00a0\u00bb][et_pb_text _builder_version=\u00a0\u00bb4.23&Prime; _module_preset=\u00a0\u00bbdefault\u00a0\u00bb border_radii=\u00a0\u00bbon|14px|14px|14px|14px\u00a0\u00bb border_width_all=\u00a0\u00bb2px\u00a0\u00bb border_color_all=\u00a0\u00bb#88C4DD\u00a0\u00bb global_colors_info=\u00a0\u00bb{}\u00a0\u00bb]<\/p>\n<p style=\"text-align: center;\">Chants associ\u00e9s au temps liturgique<\/p>\n<p style=\"text-align: center;\">Avent :<\/p>\n<p class=\"p1\" style=\"text-align: center;\">Aube nouvelle<\/p>\n<p class=\"p2\" style=\"text-align: center;\"><span class=\"s1\"><a href=\"https:\/\/www.youtube.com\/watch?v=MVPsmsY2kf0\">https:\/\/www.youtube.com\/watch?v=MVPsmsY2kf0<span class=\"s2\"><\/span><\/a><\/span><\/p>\n<p class=\"p1\" style=\"text-align: center;\"><span class=\"s1\">No\u00ebl\u00a0:<\/span><\/p>\n<p class=\"p1\" style=\"text-align: center;\">Les anges dans nos campagnes<\/p>\n<p class=\"p2\" style=\"text-align: center;\"><span class=\"s1\"><a href=\"https:\/\/www.youtube.com\/watch?v=EZcPz5nRfEI\">https:\/\/www.youtube.com\/watch?v=EZcPz5nRfEI<span class=\"s2\"><\/span><\/a><\/span><\/p>\n<p class=\"p1\" style=\"text-align: center;\"><span class=\"s1\">Car\u00eame\u00a0:<\/span><\/p>\n<p class=\"p1\" style=\"text-align: center;\">Je viens vers toi, J.C, ma lumi\u00e8re<\/p>\n<p class=\"p2\" style=\"text-align: center;\"><span class=\"s1\"><a href=\"https:\/\/www.youtube.com\/watch?v=YmdmElBd88A\">https:\/\/www.youtube.com\/watch?v=YmdmElBd88A<span class=\"s2\"><\/span><\/a><\/span><\/p>\n<p class=\"p1\" style=\"text-align: center;\"><span class=\"s1\">P\u00e2ques\u00a0:<\/span><\/p>\n<p class=\"p1\" style=\"text-align: center;\">Quand il disait \u00e0 ses amis<\/p>\n<p class=\"p2\" style=\"text-align: center;\"><span class=\"s1\"><a href=\"https:\/\/www.youtube.com\/watch?v=RFy0-ZPmyMw\">https:\/\/www.youtube.com\/watch?v=RFy0-ZPmyMw<span class=\"s2\"><\/span><\/a><\/span><\/p>\n<p class=\"p1\" style=\"text-align: center;\"><span class=\"s1\">Pentec\u00f4te\u00a0:<\/span><\/p>\n<p class=\"p1\" style=\"text-align: center;\">Souffle impr\u00e9visible<\/p>\n<p class=\"p2\" style=\"text-align: center;\"><span class=\"s1\"><a href=\"https:\/\/www.youtube.com\/watch?v=ODqhDSIjBds\">https:\/\/www.youtube.com\/watch?v=ODqhDSIjBds<span class=\"s2\"><\/span><\/a><\/span><\/p>\n<p class=\"p1\" style=\"text-align: center;\"><span class=\"s1\">Assomption\u00a0:<\/span><\/p>\n<p class=\"p1\" style=\"text-align: center;\">Couronn\u00e9e d\u2019\u00e9toiles<\/p>\n<p class=\"p2\" style=\"text-align: center;\"><span class=\"s1\"><a href=\"https:\/\/www.youtube.com\/watch?v=zuimufFkjvk\">https:\/\/www.youtube.com\/watch?v=zuimufFkjvk<span class=\"s2\"><\/span><\/a><\/span><\/p>\n<p class=\"p1\" style=\"text-align: center;\"><span class=\"s1\">Toussaint\u00a0:<\/span><\/p>\n<p class=\"p1\" style=\"text-align: center;\">Ils sont nombreux les bienheureux<\/p>\n<p class=\"p2\" style=\"text-align: center;\"><span class=\"s1\"><a href=\"https:\/\/www.youtube.com\/watch?v=drmw9WI9Z6w\">https:\/\/www.youtube.com\/watch?v=drmw9WI9Z6w<span class=\"s2\"><\/span><\/a><\/span><\/p>\n<p>[\/et_pb_text][\/et_pb_column][et_pb_column type=\u00a0\u00bb1_3&Prime; _builder_version=\u00a0\u00bb4.23&Prime; _module_preset=\u00a0\u00bbdefault\u00a0\u00bb global_colors_info=\u00a0\u00bb{}\u00a0\u00bb][et_pb_text _builder_version=\u00a0\u00bb4.23&Prime; _module_preset=\u00a0\u00bbdefault\u00a0\u00bb text_orientation=\u00a0\u00bbcenter\u00a0\u00bb border_radii=\u00a0\u00bbon|9px|9px|9px|9px\u00a0\u00bb border_width_all=\u00a0\u00bb2px\u00a0\u00bb border_color_all=\u00a0\u00bb#88C4DD\u00a0\u00bb global_colors_info=\u00a0\u00bb{}\u00a0\u00bb]<\/p>\n<p class=\"p1\" style=\"text-align: center;\">Chants associ\u00e9s <b>aux rites de la messe<\/b><\/p>\n<p style=\"text-align: center;\">L\u2019entr\u00e9e\u00a0:<br \/>Ecoute la voix du Seigneur<\/p>\n<p style=\"text-align: center;\"><iframe loading=\"lazy\" title=\"\u00c9coute la voix du Seigneur (LYRIC)\" width=\"1080\" height=\"608\" src=\"https:\/\/www.youtube.com\/embed\/88UoEFZEfQA?feature=oembed\"  allow=\"accelerometer; autoplay; clipboard-write; encrypted-media; gyroscope; picture-in-picture; web-share\" referrerpolicy=\"strict-origin-when-cross-origin\" allowfullscreen><\/iframe><\/p>\n<p style=\"text-align: center;\">Pr\u00e9paration p\u00e9nitentielle<br \/>J\u00e9sus berger de toute humanit\u00e9<\/p>\n<p style=\"text-align: center;\"><iframe loading=\"lazy\" title=\"J\u00e9sus berger de toute humanit\u00e9\" width=\"1080\" height=\"810\" src=\"https:\/\/www.youtube.com\/embed\/_lf3_XlnNOg?feature=oembed\"  allow=\"accelerometer; autoplay; clipboard-write; encrypted-media; gyroscope; picture-in-picture; web-share\" referrerpolicy=\"strict-origin-when-cross-origin\" allowfullscreen><\/iframe><\/p>\n<p style=\"text-align: center;\">Le psaume\u00a0:<br \/>Seigneur je boirai \u00e0 la source (Ps.62)<\/p>\n<p style=\"text-align: center;\"><iframe loading=\"lazy\" title=\"Ma\u00eetrise des Petits Chanteurs de Lyon, Jean-Fran\u00e7ois Duchamp - Psaume 62: Seigneur, je boirai \u00e0 la s\" width=\"1080\" height=\"608\" src=\"https:\/\/www.youtube.com\/embed\/wNP1B7JT9Go?feature=oembed\"  allow=\"accelerometer; autoplay; clipboard-write; encrypted-media; gyroscope; picture-in-picture; web-share\" referrerpolicy=\"strict-origin-when-cross-origin\" allowfullscreen><\/iframe><\/p>\n<p style=\"text-align: center;\">L\u2019offertoire<br \/>Les mains ouvertes<\/p>\n<p style=\"text-align: center;\"><iframe loading=\"lazy\" title=\"Ensemble Vocal l&#039;Alliance - Les mains ouvertes\" width=\"1080\" height=\"608\" src=\"https:\/\/www.youtube.com\/embed\/5Oymjpuilk8?feature=oembed\"  allow=\"accelerometer; autoplay; clipboard-write; encrypted-media; gyroscope; picture-in-picture; web-share\" referrerpolicy=\"strict-origin-when-cross-origin\" allowfullscreen><\/iframe><\/p>\n<p style=\"text-align: center;\">Le Notre P\u00e8re<br \/>Notre P\u00e8re de Glorious<\/p>\n<p style=\"text-align: center;\"><iframe loading=\"lazy\" title=\"Glorious - Notre P\u00e8re\" width=\"1080\" height=\"608\" src=\"https:\/\/www.youtube.com\/embed\/X7uBkTcx3Jg?feature=oembed\"  allow=\"accelerometer; autoplay; clipboard-write; encrypted-media; gyroscope; picture-in-picture; web-share\" referrerpolicy=\"strict-origin-when-cross-origin\" allowfullscreen><\/iframe><\/p>\n<p style=\"text-align: center;\">La communion\u00a0:<br \/>Voici le Corps et le Sang du Seigneur<\/p>\n<p><iframe loading=\"lazy\" title=\"Voici le corps et le sang du Seigneur\" width=\"1080\" height=\"810\" src=\"https:\/\/www.youtube.com\/embed\/qtR3pTvFVl4?feature=oembed\"  allow=\"accelerometer; autoplay; clipboard-write; encrypted-media; gyroscope; picture-in-picture; web-share\" referrerpolicy=\"strict-origin-when-cross-origin\" allowfullscreen><\/iframe><\/p>\n<p style=\"text-align: center;\">L&rsquo;envoi<\/p>\n<p class=\"style-scope ytd-watch-metadata\" style=\"text-align: center;\">Que ma bouche chante ta louange<\/p>\n<p><iframe loading=\"lazy\" title=\"Que ma bouche chante ta louange  |  Emmanuel Music\" width=\"1080\" height=\"608\" src=\"https:\/\/www.youtube.com\/embed\/onPVN4Mu6bg?feature=oembed\"  allow=\"accelerometer; autoplay; clipboard-write; encrypted-media; gyroscope; picture-in-picture; web-share\" referrerpolicy=\"strict-origin-when-cross-origin\" allowfullscreen><\/iframe><\/p>\n<p class=\"p1\"><b><\/b><\/p>\n<p>[\/et_pb_text][\/et_pb_column][et_pb_column type=\u00a0\u00bb1_3&Prime; _builder_version=\u00a0\u00bb4.23&Prime; _module_preset=\u00a0\u00bbdefault\u00a0\u00bb global_colors_info=\u00a0\u00bb{}\u00a0\u00bb][et_pb_text _builder_version=\u00a0\u00bb4.23&Prime; _module_preset=\u00a0\u00bbdefault\u00a0\u00bb hover_enabled=\u00a0\u00bb0&Prime; border_radii=\u00a0\u00bbon|9px|9px|9px|9px\u00a0\u00bb border_width_all=\u00a0\u00bb3px\u00a0\u00bb border_color_all=\u00a0\u00bb#0C71C3&Prime; global_colors_info=\u00a0\u00bb{}\u00a0\u00bb sticky_enabled=\u00a0\u00bb0&Prime;]<\/p>\n<p class=\"p1\"><span class=\"s1\"><\/span><\/p>\n<h2 class=\"p1\" style=\"text-align: center;\">Chants associ\u00e9s <b>\u00e0 ce que nous c\u00e9l\u00e9brons<\/b><\/h2>\n<p class=\"p2\" style=\"text-align: center;\"><span class=\"s1\">Bapt\u00eame\u00a0:<\/span><\/p>\n<p class=\"p2\" style=\"text-align: center;\">Na\u00eetre et rena\u00eetre<\/p>\n<p><iframe loading=\"lazy\" title=\"Ensemble Vocal l&#039;Alliance - Na\u00eetre et rena\u00eetre\" width=\"1080\" height=\"608\" src=\"https:\/\/www.youtube.com\/embed\/Uh6RAZipWuY?feature=oembed\"  allow=\"accelerometer; autoplay; clipboard-write; encrypted-media; gyroscope; picture-in-picture; web-share\" referrerpolicy=\"strict-origin-when-cross-origin\" allowfullscreen><\/iframe><\/p>\n<p class=\"p2\" style=\"text-align: center;\"><span class=\"s1\">R\u00e9conciliation\u00a0:<\/span><\/p>\n<p class=\"p2\" style=\"text-align: center;\">Changez vos c\u0153urs<\/p>\n<p><iframe loading=\"lazy\" title=\"Ensemble Vocal l&#039;Alliance - Changez vos coeurs\" width=\"1080\" height=\"608\" src=\"https:\/\/www.youtube.com\/embed\/-bEkGJSvqZE?feature=oembed\"  allow=\"accelerometer; autoplay; clipboard-write; encrypted-media; gyroscope; picture-in-picture; web-share\" referrerpolicy=\"strict-origin-when-cross-origin\" allowfullscreen><\/iframe><\/p>\n<p class=\"p2\" style=\"text-align: center;\"><span class=\"s1\">Mariage\u00a0:<\/span><\/p>\n<p class=\"p2\" style=\"text-align: center;\">Aimer, c\u2019est tout donner<\/p>\n<p><iframe loading=\"lazy\" title=\"Aimer c&#039;est tout donner (Chant des B\u00e9atitudes)| Chant chr\u00e9tien avec paroles pour le Car\u00eame et P\u00e2ques\" width=\"1080\" height=\"608\" src=\"https:\/\/www.youtube.com\/embed\/mxEBjsMSefA?feature=oembed\"  allow=\"accelerometer; autoplay; clipboard-write; encrypted-media; gyroscope; picture-in-picture; web-share\" referrerpolicy=\"strict-origin-when-cross-origin\" allowfullscreen><\/iframe><\/p>\n<p class=\"p2\" style=\"text-align: center;\"><span class=\"s1\">Fun\u00e9railles\u00a0:<\/span><\/p>\n<p class=\"p2\" style=\"text-align: center;\">Trouver dans ma vie ta pr\u00e9sence<\/p>\n<p><iframe loading=\"lazy\" title=\"Isabelle Gaboriau - La premi\u00e8re en chemin, Marie (Paroles)\" width=\"1080\" height=\"608\" src=\"https:\/\/www.youtube.com\/embed\/qyWpYvvWPJ8?feature=oembed\"  allow=\"accelerometer; autoplay; clipboard-write; encrypted-media; gyroscope; picture-in-picture; web-share\" referrerpolicy=\"strict-origin-when-cross-origin\" allowfullscreen><\/iframe><\/p>\n<p class=\"p2\" style=\"text-align: center;\"><span class=\"s1\">Chemin de croix<\/span><\/p>\n<p class=\"p2\" style=\"text-align: center;\">O croix dress\u00e9e sur le monde<\/p>\n<p><iframe loading=\"lazy\" title=\"Ensemble Vocal l&#039;Alliance - \u00d4 croix dress\u00e9e sur le monde\" width=\"1080\" height=\"608\" src=\"https:\/\/www.youtube.com\/embed\/0W6mSSPXPCo?feature=oembed\"  allow=\"accelerometer; autoplay; clipboard-write; encrypted-media; gyroscope; picture-in-picture; web-share\" referrerpolicy=\"strict-origin-when-cross-origin\" allowfullscreen><\/iframe><\/p>\n<p class=\"p4\" style=\"text-align: center;\"><span class=\"s1\"><\/span><\/p>\n<p class=\"p2\" style=\"text-align: center;\"><span class=\"s1\">Chant \u00e0 Marie\u00a0:<\/span><\/p>\n<p class=\"p2\" style=\"text-align: center;\">La premi\u00e8re en chemin<\/p>\n<p><iframe loading=\"lazy\" title=\"Isabelle Gaboriau - La premi\u00e8re en chemin, Marie (Paroles)\" width=\"1080\" height=\"608\" src=\"https:\/\/www.youtube.com\/embed\/qyWpYvvWPJ8?feature=oembed\"  allow=\"accelerometer; autoplay; clipboard-write; encrypted-media; gyroscope; picture-in-picture; web-share\" referrerpolicy=\"strict-origin-when-cross-origin\" allowfullscreen><\/iframe><\/p>\n<p>&nbsp;<\/p>\n<p class=\"p2\" style=\"text-align: center;\"><span class=\"s1\">Avec les enfants\u00a0:<\/span><\/p>\n<p class=\"p2\" style=\"text-align: center;\">Tu es l\u00e0 au c\u0153ur de nos vies<\/p>\n<p><iframe loading=\"lazy\" title=\"Ensemble Vocal l&#039;Alliance - Tu es l\u00e0 au coeur de nos vies\" width=\"1080\" height=\"608\" src=\"https:\/\/www.youtube.com\/embed\/B_ez4H9A4vU?feature=oembed\"  allow=\"accelerometer; autoplay; clipboard-write; encrypted-media; gyroscope; picture-in-picture; web-share\" referrerpolicy=\"strict-origin-when-cross-origin\" allowfullscreen><\/iframe><\/p>\n<p class=\"p3\" style=\"text-align: center;\">[\/et_pb_text][\/et_pb_column][\/et_pb_row][et_pb_row _builder_version=\u00a0\u00bb4.23&Prime; _module_preset=\u00a0\u00bbdefault\u00a0\u00bb global_colors_info=\u00a0\u00bb{}\u00a0\u00bb][et_pb_column type=\u00a0\u00bb4_4&Prime; _builder_version=\u00a0\u00bb4.23&Prime; _module_preset=\u00a0\u00bbdefault\u00a0\u00bb global_colors_info=\u00a0\u00bb{}\u00a0\u00bb][et_pb_text _builder_version=\u00a0\u00bb4.23&Prime; _module_preset=\u00a0\u00bbdefault\u00a0\u00bb width=\u00a0\u00bb97%\u00a0\u00bb max_width=\u00a0\u00bb92%\u00a0\u00bb border_radii=\u00a0\u00bbon|3px|3px|3px|3px\u00a0\u00bb border_width_all=\u00a0\u00bb1px\u00a0\u00bb border_color_all=\u00a0\u00bb#1FE0BA\u00a0\u00bb global_colors_info=\u00a0\u00bb{}\u00a0\u00bb]<\/p>\n<p style=\"text-align: center;\"><strong>Chaque chr\u00e9tien n\u2019est qu\u2019un relais dans une immense communaut\u00e9 qui recouvre non seulement l\u2019espace, mais aussi le temps, aujourd\u2019hui, hier et demain. (Albert Rouet, \u00e9v\u00eaque \u2013 1988)<\/strong><\/p>\n<p>[\/et_pb_text][et_pb_video src=\u00a0\u00bbhttps:\/\/paroisse-de-wissous.fr\/wordpress\/wp-content\/uploads\/2026\/04\/Pretes-4A.m4v\u00a0\u00bb _builder_version=\u00a0\u00bb4.23&Prime; _module_preset=\u00a0\u00bbdefault\u00a0\u00bb global_colors_info=\u00a0\u00bb{}\u00a0\u00bb][\/et_pb_video][et_pb_text _builder_version=\u00a0\u00bb4.23&Prime; _module_preset=\u00a0\u00bbdefault\u00a0\u00bb global_colors_info=\u00a0\u00bb{}\u00a0\u00bb]<\/p>\n<h3 style=\"text-align: center;\">C\u00e9l\u00e9brations au fil des ann\u00e9es avec les pr\u00eatres qui nous guident 1983 &#8211; 2023<\/h3>\n<p>&nbsp;<\/p>\n<p>[\/et_pb_text][dipl_separator line_type=\u00a0\u00bbridge\u00a0\u00bb _builder_version=\u00a0\u00bb4.23&Prime; _module_preset=\u00a0\u00bbdefault\u00a0\u00bb global_colors_info=\u00a0\u00bb{}\u00a0\u00bb][\/dipl_separator][\/et_pb_column][\/et_pb_row][et_pb_row _builder_version=\u00a0\u00bb4.23&Prime; _module_preset=\u00a0\u00bbdefault\u00a0\u00bb global_colors_info=\u00a0\u00bb{}\u00a0\u00bb][et_pb_column type=\u00a0\u00bb4_4&Prime; _builder_version=\u00a0\u00bb4.23&Prime; _module_preset=\u00a0\u00bbdefault\u00a0\u00bb global_colors_info=\u00a0\u00bb{}\u00a0\u00bb][et_pb_text _builder_version=\u00a0\u00bb4.23&Prime; _module_preset=\u00a0\u00bbdefault\u00a0\u00bb global_colors_info=\u00a0\u00bb{}\u00a0\u00bb]<\/p>\n<p class=\"p1\"><b><i><\/i><\/b><\/p>\n<h1 class=\"p2\" style=\"text-align: center;\"><b><i>NOTRE EQUIPE LITURGIQUE HIER ET AUJOURD\u2019HUI<\/i><\/b><\/h1>\n<p>[\/et_pb_text][\/et_pb_column][\/et_pb_row][et_pb_row _builder_version=\u00a0\u00bb4.23&Prime; _module_preset=\u00a0\u00bbdefault\u00a0\u00bb global_colors_info=\u00a0\u00bb{}\u00a0\u00bb][et_pb_column type=\u00a0\u00bb4_4&Prime; _builder_version=\u00a0\u00bb4.23&Prime; _module_preset=\u00a0\u00bbdefault\u00a0\u00bb global_colors_info=\u00a0\u00bb{}\u00a0\u00bb][et_pb_text _builder_version=\u00a0\u00bb4.23&Prime; _module_preset=\u00a0\u00bbdefault\u00a0\u00bb custom_padding=\u00a0\u00bb||0px|||\u00a0\u00bb global_colors_info=\u00a0\u00bb{}\u00a0\u00bb]<\/p>\n<p style=\"text-align: center;\">Notre \u00e9quipe est dans la continuit\u00e9 de ceux qui nous ont pr\u00e9c\u00e9d\u00e9s et qui ont tant donn\u00e9 \u00e0 notre Paroisse .<\/p>\n<p>[\/et_pb_text][et_pb_text _builder_version=\u00a0\u00bb4.23&Prime; _module_preset=\u00a0\u00bbdefault\u00a0\u00bb global_colors_info=\u00a0\u00bb{}\u00a0\u00bb]<\/p>\n<p style=\"text-align: center;\">Nous nous souvenons de ceux qui nous ont d\u00e9j\u00e0 quitt\u00e9s\u00a0:<\/p>\n<p style=\"text-align: center;\">Reine-Marie Sleghem, Philippe Leuba, Genevi\u00e8ve Luboz, Christiane Garcia, Marie-Jo Grandjacquet,<\/p>\n<p>[\/et_pb_text][et_pb_image src=\u00a0\u00bbhttps:\/\/paroisse-de-wissous.fr\/wordpress\/wp-content\/uploads\/2023\/11\/Page6-2002-05-Equipe-liturgique-aux-Buissonnets.png\u00a0\u00bb title_text=\u00a0\u00bbPage6 2002-05 Equipe liturgique aux Buissonnets\u00a0\u00bb align=\u00a0\u00bbcenter\u00a0\u00bb _builder_version=\u00a0\u00bb4.23&Prime; _module_preset=\u00a0\u00bbdefault\u00a0\u00bb module_alignment=\u00a0\u00bbcenter\u00a0\u00bb box_shadow_style=\u00a0\u00bbpreset2&Prime; global_colors_info=\u00a0\u00bb{}\u00a0\u00bb][\/et_pb_image][et_pb_text _builder_version=\u00a0\u00bb4.23&Prime; _module_preset=\u00a0\u00bbdefault\u00a0\u00bb text_font_size=\u00a0\u00bb18px\u00a0\u00bb module_alignment=\u00a0\u00bbcenter\u00a0\u00bb global_colors_info=\u00a0\u00bb{}\u00a0\u00bb]<\/p>\n<p style=\"text-align: center;\"><strong><i>et Jean-Pierre Ma\u00eetre qui a \u00e9t\u00e9 longtemps notre organiste avant Philippe Leuba. Les ann\u00e9es passent&#8230;.<\/i><\/strong><\/p>\n<p>[\/et_pb_text][\/et_pb_column][\/et_pb_row][et_pb_row _builder_version=\u00a0\u00bb4.23&Prime; _module_preset=\u00a0\u00bbdefault\u00a0\u00bb global_colors_info=\u00a0\u00bb{}\u00a0\u00bb][et_pb_column type=\u00a0\u00bb4_4&Prime; _builder_version=\u00a0\u00bb4.23&Prime; _module_preset=\u00a0\u00bbdefault\u00a0\u00bb global_colors_info=\u00a0\u00bb{}\u00a0\u00bb][et_pb_text _builder_version=\u00a0\u00bb4.23&Prime; _module_preset=\u00a0\u00bbdefault\u00a0\u00bb global_colors_info=\u00a0\u00bb{}\u00a0\u00bb]<\/p>\n<h2 style=\"text-align: center;\"><strong>Notre \u00e9quipe aujourd&rsquo;hui<\/strong><\/h2>\n<p>[\/et_pb_text][et_pb_image src=\u00a0\u00bbhttps:\/\/paroisse-de-wissous.fr\/wordpress\/wp-content\/uploads\/2023\/11\/Page6-2023-11-19-Equipe-Liturgique-1-e1734303525657.png\u00a0\u00bb title_text=\u00a0\u00bbPage6-2023-11-19-Equipe-Liturgique-1-e1734303525657&Prime; align=\u00a0\u00bbcenter\u00a0\u00bb _builder_version=\u00a0\u00bb4.23&Prime; _module_preset=\u00a0\u00bbdefault\u00a0\u00bb box_shadow_style=\u00a0\u00bbpreset2&Prime; global_colors_info=\u00a0\u00bb{}\u00a0\u00bb][\/et_pb_image][\/et_pb_column][\/et_pb_row][et_pb_row _builder_version=\u00a0\u00bb4.23&Prime; _module_preset=\u00a0\u00bbdefault\u00a0\u00bb global_colors_info=\u00a0\u00bb{}\u00a0\u00bb][et_pb_column type=\u00a0\u00bb4_4&Prime; _builder_version=\u00a0\u00bb4.23&Prime; _module_preset=\u00a0\u00bbdefault\u00a0\u00bb global_colors_info=\u00a0\u00bb{}\u00a0\u00bb][et_pb_divider _builder_version=\u00a0\u00bb4.23&Prime; _module_preset=\u00a0\u00bbdefault\u00a0\u00bb global_colors_info=\u00a0\u00bb{}\u00a0\u00bb][\/et_pb_divider][\/et_pb_column][\/et_pb_row][et_pb_row column_structure=\u00a0\u00bb2_5,3_5&Prime; _builder_version=\u00a0\u00bb4.23&Prime; _module_preset=\u00a0\u00bbdefault\u00a0\u00bb global_colors_info=\u00a0\u00bb{}\u00a0\u00bb][et_pb_column type=\u00a0\u00bb2_5&Prime; _builder_version=\u00a0\u00bb4.23&Prime; _module_preset=\u00a0\u00bbdefault\u00a0\u00bb global_colors_info=\u00a0\u00bb{}\u00a0\u00bb][et_pb_text _builder_version=\u00a0\u00bb4.23&Prime; _module_preset=\u00a0\u00bbdefault\u00a0\u00bb global_colors_info=\u00a0\u00bb{}\u00a0\u00bb]<\/p>\n<p><strong>Responsable de l\u2019Equipe Liturgique :<\/strong><\/p>\n<p><strong>St\u00e9phanie Vanneville<\/strong><br \/><strong>stephanievanneville@hotmail.com<\/strong><\/p>\n<p>[\/et_pb_text][\/et_pb_column][et_pb_column type=\u00a0\u00bb3_5&Prime; _builder_version=\u00a0\u00bb4.23&Prime; _module_preset=\u00a0\u00bbdefault\u00a0\u00bb global_colors_info=\u00a0\u00bb{}\u00a0\u00bb][\/et_pb_column][\/et_pb_row][et_pb_row _builder_version=\u00a0\u00bb4.23&Prime; _module_preset=\u00a0\u00bbdefault\u00a0\u00bb global_colors_info=\u00a0\u00bb{}\u00a0\u00bb][et_pb_column type=\u00a0\u00bb4_4&Prime; _builder_version=\u00a0\u00bb4.23&Prime; _module_preset=\u00a0\u00bbdefault\u00a0\u00bb global_colors_info=\u00a0\u00bb{}\u00a0\u00bb][et_pb_contact_form email=\u00a0\u00bbequipe.liturgique@paroisse-de-wissous.fr\u00a0\u00bb title=\u00a0\u00bbSi vous voulez nous rejoindre\u00a0\u00bb success_message=\u00a0\u00bbMerci pour votre message\u00a0\u00bb submit_button_text=\u00a0\u00bbEnvoi\u00a0\u00bb _builder_version=\u00a0\u00bb4.23&Prime; _module_preset=\u00a0\u00bbdefault\u00a0\u00bb _unique_id=\u00a0\u00bbf56635db-5f60-4d7d-914f-8dec25550ae2&Prime; global_colors_info=\u00a0\u00bb{}\u00a0\u00bb][et_pb_contact_field field_id=\u00a0\u00bbName\u00a0\u00bb field_title=\u00a0\u00bbNom\u00a0\u00bb _builder_version=\u00a0\u00bb4.16&Prime; global_colors_info=\u00a0\u00bb{}\u00a0\u00bb button_text_size__hover_enabled=\u00a0\u00bboff\u00a0\u00bb button_one_text_size__hover_enabled=\u00a0\u00bboff\u00a0\u00bb button_two_text_size__hover_enabled=\u00a0\u00bboff\u00a0\u00bb button_text_color__hover_enabled=\u00a0\u00bboff\u00a0\u00bb button_one_text_color__hover_enabled=\u00a0\u00bboff\u00a0\u00bb button_two_text_color__hover_enabled=\u00a0\u00bboff\u00a0\u00bb button_border_width__hover_enabled=\u00a0\u00bboff\u00a0\u00bb button_one_border_width__hover_enabled=\u00a0\u00bboff\u00a0\u00bb button_two_border_width__hover_enabled=\u00a0\u00bboff\u00a0\u00bb button_border_color__hover_enabled=\u00a0\u00bboff\u00a0\u00bb button_one_border_color__hover_enabled=\u00a0\u00bboff\u00a0\u00bb button_two_border_color__hover_enabled=\u00a0\u00bboff\u00a0\u00bb button_border_radius__hover_enabled=\u00a0\u00bboff\u00a0\u00bb button_one_border_radius__hover_enabled=\u00a0\u00bboff\u00a0\u00bb button_two_border_radius__hover_enabled=\u00a0\u00bboff\u00a0\u00bb button_letter_spacing__hover_enabled=\u00a0\u00bboff\u00a0\u00bb button_one_letter_spacing__hover_enabled=\u00a0\u00bboff\u00a0\u00bb button_two_letter_spacing__hover_enabled=\u00a0\u00bboff\u00a0\u00bb button_bg_color__hover_enabled=\u00a0\u00bboff\u00a0\u00bb button_one_bg_color__hover_enabled=\u00a0\u00bboff\u00a0\u00bb button_two_bg_color__hover_enabled=\u00a0\u00bboff\u00a0\u00bb][\/et_pb_contact_field][et_pb_contact_field field_id=\u00a0\u00bbEmail\u00a0\u00bb field_title=\u00a0\u00bbAdresse e-mail\u00a0\u00bb field_type=\u00a0\u00bbemail\u00a0\u00bb _builder_version=\u00a0\u00bb4.16&Prime; global_colors_info=\u00a0\u00bb{}\u00a0\u00bb button_text_size__hover_enabled=\u00a0\u00bboff\u00a0\u00bb button_one_text_size__hover_enabled=\u00a0\u00bboff\u00a0\u00bb button_two_text_size__hover_enabled=\u00a0\u00bboff\u00a0\u00bb button_text_color__hover_enabled=\u00a0\u00bboff\u00a0\u00bb button_one_text_color__hover_enabled=\u00a0\u00bboff\u00a0\u00bb button_two_text_color__hover_enabled=\u00a0\u00bboff\u00a0\u00bb button_border_width__hover_enabled=\u00a0\u00bboff\u00a0\u00bb button_one_border_width__hover_enabled=\u00a0\u00bboff\u00a0\u00bb button_two_border_width__hover_enabled=\u00a0\u00bboff\u00a0\u00bb button_border_color__hover_enabled=\u00a0\u00bboff\u00a0\u00bb button_one_border_color__hover_enabled=\u00a0\u00bboff\u00a0\u00bb button_two_border_color__hover_enabled=\u00a0\u00bboff\u00a0\u00bb button_border_radius__hover_enabled=\u00a0\u00bboff\u00a0\u00bb button_one_border_radius__hover_enabled=\u00a0\u00bboff\u00a0\u00bb button_two_border_radius__hover_enabled=\u00a0\u00bboff\u00a0\u00bb button_letter_spacing__hover_enabled=\u00a0\u00bboff\u00a0\u00bb button_one_letter_spacing__hover_enabled=\u00a0\u00bboff\u00a0\u00bb button_two_letter_spacing__hover_enabled=\u00a0\u00bboff\u00a0\u00bb button_bg_color__hover_enabled=\u00a0\u00bboff\u00a0\u00bb button_one_bg_color__hover_enabled=\u00a0\u00bboff\u00a0\u00bb button_two_bg_color__hover_enabled=\u00a0\u00bboff\u00a0\u00bb][\/et_pb_contact_field][et_pb_contact_field field_id=\u00a0\u00bbMessage\u00a0\u00bb field_title=\u00a0\u00bbMessage\u00a0\u00bb field_type=\u00a0\u00bbtext\u00a0\u00bb fullwidth_field=\u00a0\u00bbon\u00a0\u00bb _builder_version=\u00a0\u00bb4.16&Prime; global_colors_info=\u00a0\u00bb{}\u00a0\u00bb button_text_size__hover_enabled=\u00a0\u00bboff\u00a0\u00bb button_one_text_size__hover_enabled=\u00a0\u00bboff\u00a0\u00bb button_two_text_size__hover_enabled=\u00a0\u00bboff\u00a0\u00bb button_text_color__hover_enabled=\u00a0\u00bboff\u00a0\u00bb button_one_text_color__hover_enabled=\u00a0\u00bboff\u00a0\u00bb button_two_text_color__hover_enabled=\u00a0\u00bboff\u00a0\u00bb button_border_width__hover_enabled=\u00a0\u00bboff\u00a0\u00bb button_one_border_width__hover_enabled=\u00a0\u00bboff\u00a0\u00bb button_two_border_width__hover_enabled=\u00a0\u00bboff\u00a0\u00bb button_border_color__hover_enabled=\u00a0\u00bboff\u00a0\u00bb button_one_border_color__hover_enabled=\u00a0\u00bboff\u00a0\u00bb button_two_border_color__hover_enabled=\u00a0\u00bboff\u00a0\u00bb button_border_radius__hover_enabled=\u00a0\u00bboff\u00a0\u00bb button_one_border_radius__hover_enabled=\u00a0\u00bboff\u00a0\u00bb button_two_border_radius__hover_enabled=\u00a0\u00bboff\u00a0\u00bb button_letter_spacing__hover_enabled=\u00a0\u00bboff\u00a0\u00bb button_one_letter_spacing__hover_enabled=\u00a0\u00bboff\u00a0\u00bb button_two_letter_spacing__hover_enabled=\u00a0\u00bboff\u00a0\u00bb button_bg_color__hover_enabled=\u00a0\u00bboff\u00a0\u00bb button_one_bg_color__hover_enabled=\u00a0\u00bboff\u00a0\u00bb button_two_bg_color__hover_enabled=\u00a0\u00bboff\u00a0\u00bb][\/et_pb_contact_field][\/et_pb_contact_form][\/et_pb_column][\/et_pb_row][\/et_pb_section]<\/p>\n","protected":false},"excerpt":{"rendered":"<p>\u00ab Nos chants n\u2019ajoutent rien \u00e0 ce que tu es, mais ils nous rapprochent de toi \u00bb dit la 4e pr\u00e9face pour le Temps Ordinaire. Chants et musique \u201cChanter, c\u2019est prier deux fois\u201d Saint Augustin Le chant liturgique joue un r\u00f4le capital dans la c\u00e9l\u00e9bration des diff\u00e9rentes liturgies (messe, eucharistie, c\u00e9l\u00e9bration des sacrements et \u00e9tapes [&hellip;]<\/p>\n","protected":false},"author":1,"featured_media":0,"parent":0,"menu_order":0,"comment_status":"closed","ping_status":"closed","template":"","meta":{"_et_pb_use_builder":"on","_et_pb_old_content":"","_et_gb_content_width":"","footnotes":""},"class_list":["post-1108","page","type-page","status-publish","hentry"],"_links":{"self":[{"href":"https:\/\/paroisse-de-wissous.fr\/wordpress\/index.php\/wp-json\/wp\/v2\/pages\/1108","targetHints":{"allow":["GET"]}}],"collection":[{"href":"https:\/\/paroisse-de-wissous.fr\/wordpress\/index.php\/wp-json\/wp\/v2\/pages"}],"about":[{"href":"https:\/\/paroisse-de-wissous.fr\/wordpress\/index.php\/wp-json\/wp\/v2\/types\/page"}],"author":[{"embeddable":true,"href":"https:\/\/paroisse-de-wissous.fr\/wordpress\/index.php\/wp-json\/wp\/v2\/users\/1"}],"replies":[{"embeddable":true,"href":"https:\/\/paroisse-de-wissous.fr\/wordpress\/index.php\/wp-json\/wp\/v2\/comments?post=1108"}],"version-history":[{"count":22,"href":"https:\/\/paroisse-de-wissous.fr\/wordpress\/index.php\/wp-json\/wp\/v2\/pages\/1108\/revisions"}],"predecessor-version":[{"id":1862,"href":"https:\/\/paroisse-de-wissous.fr\/wordpress\/index.php\/wp-json\/wp\/v2\/pages\/1108\/revisions\/1862"}],"wp:attachment":[{"href":"https:\/\/paroisse-de-wissous.fr\/wordpress\/index.php\/wp-json\/wp\/v2\/media?parent=1108"}],"curies":[{"name":"wp","href":"https:\/\/api.w.org\/{rel}","templated":true}]}}